{"id":702,"date":"2018-01-05T11:25:27","date_gmt":"2018-01-05T10:25:27","guid":{"rendered":"http:\/\/wissensbasiert.de\/?post_type=avada_portfolio&#038;p=702"},"modified":"2019-06-25T09:12:21","modified_gmt":"2019-06-25T08:12:21","slug":"kombinierter-verkehr","status":"publish","type":"avada_portfolio","link":"https:\/\/wissensbasiert.de\/en\/projekt\/combined-transport\/","title":{"rendered":"Combined transport"},"content":{"rendered":"<div class=\"fusion-fullwidth fullwidth-box fusion-builder-row-1 nonhundred-percent-fullwidth non-hundred-percent-height-scrolling\" style=\"--awb-border-radius-top-left:0px;--awb-border-radius-top-right:0px;--awb-border-radius-bottom-right:0px;--awb-border-radius-bottom-left:0px;--awb-flex-wrap:wrap;\" ><div class=\"fusion-builder-row fusion-row\"><div class=\"fusion-layout-column fusion_builder_column fusion-builder-column-0 fusion_builder_column_3_5 3_5 fusion-three-fifth fusion-column-first\" style=\"--awb-bg-size:cover;width:60%;width:calc(60% - ( ( 4% ) * 0.6 ) );margin-right: 4%;\"><div class=\"fusion-column-wrapper fusion-flex-column-wrapper-legacy\"><div class=\"fusion-title title fusion-title-1 fusion-sep-none fusion-title-text fusion-title-size-three\" style=\"--awb-margin-bottom:15px;--awb-margin-top-small:0px;--awb-margin-right-small:0px;--awb-margin-bottom-small:20px;--awb-margin-left-small:0px;--awb-sep-color:#000000;\"><h3 class=\"fusion-title-heading title-heading-left fusion-responsive-typography-calculated\" style=\"margin:0;--fontSize:18;--minFontSize:18;line-height:1.5;\">Project description<\/h3><\/div><div class=\"fusion-text fusion-text-1\"><p>SGKV &#8211; Studiengesellschaft f\u00fcr den Kombinierten Verkehr e.V. (AG, client) has published the report \/ statistics collection <strong>\"Facts and Figures\"<\/strong> was created in order to first provide the members - and with some delay online to a wider audience - with an overview of the status and development of combined transport.<\/p>\n<p>For the reporting year 2017, on the one hand, an update of the report was requested, using the available statistics for 2016 and the existing data from previous reports, and, on the other hand, a revision of the report, for example by \"streamlining\", restructuring the contents and redesigning important statistical illustrations.<\/p>\n<p>Within the framework of the project, I was responsible, in close cooperation with the SGKV, for data research and data preparation, updating, revising and describing the figures and tables, and compiling and layouting the report.<\/p>\n<\/div><div class=\"fusion-title title fusion-title-2 fusion-sep-none fusion-title-text fusion-title-size-three\" style=\"--awb-margin-bottom:15px;--awb-margin-top-small:0px;--awb-margin-right-small:0px;--awb-margin-bottom-small:20px;--awb-margin-left-small:0px;--awb-sep-color:#000000;\"><h3 class=\"fusion-title-heading title-heading-left fusion-responsive-typography-calculated\" style=\"margin:0;--fontSize:18;--minFontSize:18;line-height:1.5;\">Further information<\/h3><\/div><div class=\"fusion-text fusion-text-2\"><p><div class=\"fusion-fa-align-left\"><i class=\"fb-icon-element-1 fb-icon-element fontawesome-icon fa fa-home circle-no\" style=\"--awb-iconcolor:#03a9f4;--awb-iconcolor-hover:#03a9f4;--awb-font-size:15px;--awb-margin-right:7.5px;\"><\/i><\/div> <a href=\"http:\/\/www.sgkv.de\/\">Homepage of the SGKV<\/a><\/p>\n<p><div class=\"fusion-fa-align-left\"><i class=\"fb-icon-element-2 fb-icon-element fontawesome-icon fa fa-download circle-no\" style=\"--awb-iconcolor:#03a9f4;--awb-iconcolor-hover:#03a9f4;--awb-font-size:15px;--awb-margin-right:7.5px;\"><\/i><\/div> <a href=\"http:\/\/www.sgkv.de\/images\/pdf\/SGKV_Zahlen_Fakten_2017.pdf\" target=\"_blank\" rel=\"noopener noreferrer\">Project Report<\/a><\/p>\n<p><div class=\"fusion-fa-align-left\"><i class=\"fb-icon-element-3 fb-icon-element fontawesome-icon fa fa-bar-chart circle-no\" style=\"--awb-iconcolor:#03a9f4;--awb-iconcolor-hover:#03a9f4;--awb-font-size:15px;--awb-margin-right:7.5px;\"><\/i><\/div> Prepared and partially interactive statistics in the archive are <a href=\"http:\/\/wissensbasiert.de\/en\/aktuell\/\">here<\/a> available<\/p>\n<\/div><div class=\"fusion-modal modal fade modal-1 Kontakt\" tabindex=\"-1\" role=\"dialog\" aria-labelledby=\"modal-heading-1\" aria-hidden=\"true\" style=\"--awb-border-color:#03a9f4;--awb-background:#ffffff;\"><div class=\"modal-dialog modal-sm\" role=\"document\"><div class=\"modal-content fusion-modal-content\"><div class=\"modal-header\"><button class=\"close\" type=\"button\" data-dismiss=\"modal\" aria-hidden=\"true\" aria-label=\"Schlie\u00dfen\">\u00d7<\/button><h3 class=\"modal-title\" id=\"modal-heading-1\" data-dismiss=\"modal\" aria-hidden=\"true\">Dr Paul Hebes<\/h3><\/div><div class=\"modal-body fusion-clearfix\">\n<p style=\"text-align: center;\"><div class=\"fusion-fa-align-center\"><i class=\"fb-icon-element-4 fb-icon-element fontawesome-icon fa fa-phone circle-no\" style=\"--awb-iconcolor:#03a9f4;--awb-iconcolor-hover:#03a9f4;--awb-font-size:20px;\"><\/i><\/div>\n<p style=\"text-align: center;\">+49 (0)30 91902603<\/p>\n<p style=\"text-align: center;\"><div class=\"fusion-fa-align-center\"><i class=\"fb-icon-element-5 fb-icon-element fontawesome-icon fa fa-mobile circle-no\" style=\"--awb-iconcolor:#03a9f4;--awb-iconcolor-hover:#03a9f4;--awb-font-size:20px;\"><\/i><\/div>\n<p style=\"text-align: center;\">+49 (0)1522 9742947<\/p>\n<p style=\"text-align: center;\"><div class=\"fusion-fa-align-center\"><i class=\"fb-icon-element-6 fb-icon-element fontawesome-icon fa fa-envelope-o circle-no\" style=\"--awb-iconcolor:#03a9f4;--awb-iconcolor-hover:#03a9f4;--awb-circlecolor:#727272;--awb-font-size:20px;\"><\/i><\/div>\n<p style=\"text-align: center;\"><a href=\"mailto: paul.hebes@wissensbasiert.de\">paul.hebes@knowledge-based.info<\/a><\/p>\n<\/div><\/div><\/div><\/div><div class=\"fusion-clearfix\"><\/div><\/div><\/div><div class=\"fusion-layout-column fusion_builder_column fusion-builder-column-1 fusion_builder_column_2_5 2_5 fusion-two-fifth fusion-column-last\" style=\"--awb-bg-size:cover;--awb-margin-bottom:5px;width:40%;width:calc(40% - ( ( 4% ) * 0.4 ) );\"><div class=\"fusion-column-wrapper fusion-flex-column-wrapper-legacy\"><div class=\"fusion-text fusion-text-3\"><p style=\"text-align: center;\">Period<\/p>\n<\/div><div class=\"fusion-sep-clear\"><\/div><div class=\"fusion-separator fusion-has-icon\" style=\"margin-left: auto;margin-right: auto;margin-top:5px;margin-bottom:30px;width:100%;max-width:70%;\"><div class=\"fusion-separator-border sep-single sep-solid\" style=\"--awb-height:20px;--awb-amount:20px;--awb-sep-color:#000000;border-color:#000000;border-top-width:1px;\"><\/div><span class=\"icon-wrapper\" style=\"border-color:transparent;font-size:15px;width: 1.75em; height: 1.75em;border-width:1px;padding:1px;margin-top:-0.5px\"><i class=\"fa fa-calendar-check-o\" style=\"font-size: inherit;color:#000000;\" aria-hidden=\"true\"><\/i><\/span><div class=\"fusion-separator-border sep-single sep-solid\" style=\"--awb-height:20px;--awb-amount:20px;--awb-sep-color:#000000;border-color:#000000;border-top-width:1px;\"><\/div><\/div><div class=\"fusion-sep-clear\"><\/div><div class=\"fusion-text fusion-text-4\"><p style=\"text-align: center;\">January 2018<\/p>\n<\/div><div class=\"fusion-sep-clear\"><\/div><div class=\"fusion-separator\" style=\"margin-left: auto;margin-right: auto;margin-top:5px;margin-bottom:30px;width:100%;max-width:70%;\"><\/div><div class=\"fusion-sep-clear\"><\/div><div class=\"fusion-text fusion-text-5\"><p style=\"text-align: center;\">Client<\/p>\n<\/div><div class=\"fusion-sep-clear\"><\/div><div class=\"fusion-separator fusion-has-icon\" style=\"margin-left: auto;margin-right: auto;margin-top:5px;margin-bottom:30px;width:100%;max-width:70%;\"><div class=\"fusion-separator-border sep-single sep-solid\" style=\"--awb-height:20px;--awb-amount:20px;--awb-sep-color:#000000;border-color:#000000;border-top-width:1px;\"><\/div><span class=\"icon-wrapper\" style=\"border-color:transparent;font-size:15px;width: 1.75em; height: 1.75em;border-width:1px;padding:1px;margin-top:-0.5px\"><i class=\"fa fa-thumbs-o-up\" style=\"font-size: inherit;color:#000000;\" aria-hidden=\"true\"><\/i><\/span><div class=\"fusion-separator-border sep-single sep-solid\" style=\"--awb-height:20px;--awb-amount:20px;--awb-sep-color:#000000;border-color:#000000;border-top-width:1px;\"><\/div><\/div><div class=\"fusion-sep-clear\"><\/div><div class=\"fusion-text fusion-text-6\"><p style=\"text-align: center;\">Study Association for Combined Transport (SGKV)<\/p>\n<\/div><div class=\"fusion-sep-clear\"><\/div><div class=\"fusion-separator\" style=\"margin-left: auto;margin-right: auto;margin-top:5px;margin-bottom:30px;width:100%;max-width:70%;\"><\/div><div class=\"fusion-sep-clear\"><\/div><div class=\"fusion-text fusion-text-7\"><p style=\"text-align: center;\">Keywords<\/p>\n<\/div><div class=\"fusion-sep-clear\"><\/div><div class=\"fusion-separator fusion-has-icon\" style=\"margin-left: auto;margin-right: auto;margin-top:5px;margin-bottom:30px;width:100%;max-width:70%;\"><div class=\"fusion-separator-border sep-single sep-solid\" style=\"--awb-height:20px;--awb-amount:20px;--awb-sep-color:#000000;border-color:#000000;border-top-width:1px;\"><\/div><span class=\"icon-wrapper\" style=\"border-color:transparent;font-size:15px;width: 1.75em; height: 1.75em;border-width:1px;padding:1px;margin-top:-0.5px\"><i class=\"fa fa-list\" style=\"font-size: inherit;color:#000000;\" aria-hidden=\"true\"><\/i><\/span><div class=\"fusion-separator-border sep-single sep-solid\" style=\"--awb-height:20px;--awb-amount:20px;--awb-sep-color:#000000;border-color:#000000;border-top-width:1px;\"><\/div><\/div><div class=\"fusion-sep-clear\"><\/div><div class=\"fusion-text fusion-text-8\"><p style=\"text-align: center;\">Combined transport<\/p>\n<p style=\"text-align: center;\">Intermodality<\/p>\n<p style=\"text-align: center;\">Freight transport<\/p>\n<\/div><div class=\"fusion-clearfix\"><\/div><\/div><\/div><\/div><\/div>","protected":false},"excerpt":{"rendered":"","protected":false},"author":1,"featured_media":704,"menu_order":0,"comment_status":"closed","ping_status":"closed","template":"","format":"standard","meta":{"footnotes":""},"portfolio_category":[19],"portfolio_skills":[],"portfolio_tags":[50,37,51,35],"class_list":["post-702","avada_portfolio","type-avada_portfolio","status-publish","format-standard","has-post-thumbnail","hentry","portfolio_category-mobilitaet-verkehr","portfolio_tags-bericht","portfolio_tags-guetertransport","portfolio_tags-kombinierter-verkehr","portfolio_tags-verkehr"],"yoast_head":"<!-- This site is optimized with the Yoast SEO plugin v27.5 - https:\/\/yoast.com\/product\/yoast-seo-wordpress\/ -->\n<title>Wissensbasierte Planung | Projekte | Kombinierter Verkehr<\/title>\n<meta name=\"description\" content=\"Projekte. F\u00fcr die SGKV e. V. habe ich den Datenbericht &quot;Facts and Figures&quot; \u00fcber den Kombinierten Verkehr f\u00fcr das Berichtsjahr 2017 aktualisiert und \u00fcberarbeitet.\" \/>\n<meta name=\"robots\" content=\"index, follow, max-snippet:-1, max-image-preview:large, max-video-preview:-1\" \/>\n<link rel=\"canonical\" href=\"https:\/\/wissensbasiert.de\/en\/projekt\/combined-transport\/\" \/>\n<meta property=\"og:locale\" content=\"en_GB\" \/>\n<meta property=\"og:type\" content=\"article\" \/>\n<meta property=\"og:title\" content=\"Wissensbasierte Planung | Projekte | Kombinierter Verkehr\" \/>\n<meta property=\"og:description\" content=\"Projekte. F\u00fcr die SGKV e. V. habe ich den Datenbericht &quot;Facts and Figures&quot; \u00fcber den Kombinierten Verkehr f\u00fcr das Berichtsjahr 2017 aktualisiert und \u00fcberarbeitet.\" \/>\n<meta property=\"og:url\" content=\"https:\/\/wissensbasiert.de\/en\/projekt\/combined-transport\/\" \/>\n<meta property=\"og:site_name\" content=\"Wissensbasierte Planung\" \/>\n<meta property=\"article:modified_time\" content=\"2019-06-25T08:12:21+00:00\" \/>\n<meta property=\"og:image\" content=\"https:\/\/wissensbasiert.de\/wp-content\/uploads\/2018\/01\/Kombinierter-Verkehr.jpg\" \/>\n\t<meta property=\"og:image:width\" content=\"640\" \/>\n\t<meta property=\"og:image:height\" content=\"397\" \/>\n\t<meta property=\"og:image:type\" content=\"image\/jpeg\" \/>\n<meta name=\"twitter:card\" content=\"summary_large_image\" \/>\n<meta name=\"twitter:site\" content=\"@wissensbasiert\" \/>\n<meta name=\"twitter:label1\" content=\"Estimated reading time\" \/>\n\t<meta name=\"twitter:data1\" content=\"5 minutes\" \/>\n<script type=\"application\/ld+json\" class=\"yoast-schema-graph\">{\"@context\":\"https:\\\/\\\/schema.org\",\"@graph\":[{\"@type\":\"WebPage\",\"@id\":\"https:\\\/\\\/wissensbasiert.de\\\/en\\\/projekt\\\/combined-transport\\\/\",\"url\":\"https:\\\/\\\/wissensbasiert.de\\\/en\\\/projekt\\\/combined-transport\\\/\",\"name\":\"Wissensbasierte Planung | Projekte | Kombinierter Verkehr\",\"isPartOf\":{\"@id\":\"https:\\\/\\\/wissensbasiert.de\\\/#website\"},\"primaryImageOfPage\":{\"@id\":\"https:\\\/\\\/wissensbasiert.de\\\/en\\\/projekt\\\/combined-transport\\\/#primaryimage\"},\"image\":{\"@id\":\"https:\\\/\\\/wissensbasiert.de\\\/en\\\/projekt\\\/combined-transport\\\/#primaryimage\"},\"thumbnailUrl\":\"https:\\\/\\\/wissensbasiert.de\\\/wp-content\\\/uploads\\\/2018\\\/01\\\/Kombinierter-Verkehr.jpg\",\"datePublished\":\"2018-01-05T10:25:27+00:00\",\"dateModified\":\"2019-06-25T08:12:21+00:00\",\"description\":\"Projekte. F\u00fcr die SGKV e. V. habe ich den Datenbericht \\\"Facts and Figures\\\" \u00fcber den Kombinierten Verkehr f\u00fcr das Berichtsjahr 2017 aktualisiert und \u00fcberarbeitet.\",\"breadcrumb\":{\"@id\":\"https:\\\/\\\/wissensbasiert.de\\\/en\\\/projekt\\\/combined-transport\\\/#breadcrumb\"},\"inLanguage\":\"en-GB\",\"potentialAction\":[{\"@type\":\"ReadAction\",\"target\":[\"https:\\\/\\\/wissensbasiert.de\\\/en\\\/projekt\\\/combined-transport\\\/\"]}]},{\"@type\":\"ImageObject\",\"inLanguage\":\"en-GB\",\"@id\":\"https:\\\/\\\/wissensbasiert.de\\\/en\\\/projekt\\\/combined-transport\\\/#primaryimage\",\"url\":\"https:\\\/\\\/wissensbasiert.de\\\/wp-content\\\/uploads\\\/2018\\\/01\\\/Kombinierter-Verkehr.jpg\",\"contentUrl\":\"https:\\\/\\\/wissensbasiert.de\\\/wp-content\\\/uploads\\\/2018\\\/01\\\/Kombinierter-Verkehr.jpg\",\"width\":640,\"height\":397,\"caption\":\"Container f\u00fcr den kombinierten Verkehr\"},{\"@type\":\"BreadcrumbList\",\"@id\":\"https:\\\/\\\/wissensbasiert.de\\\/en\\\/projekt\\\/combined-transport\\\/#breadcrumb\",\"itemListElement\":[{\"@type\":\"ListItem\",\"position\":1,\"name\":\"Startseite\",\"item\":\"https:\\\/\\\/wissensbasiert.de\\\/\"},{\"@type\":\"ListItem\",\"position\":2,\"name\":\"Portfolio\",\"item\":\"https:\\\/\\\/wissensbasiert.de\\\/en\\\/projekt\\\/\"},{\"@type\":\"ListItem\",\"position\":3,\"name\":\"Kombinierter Verkehr\"}]},{\"@type\":\"WebSite\",\"@id\":\"https:\\\/\\\/wissensbasiert.de\\\/#website\",\"url\":\"https:\\\/\\\/wissensbasiert.de\\\/\",\"name\":\"Wissensbasierte Planung\",\"description\":\"Mit Wissen Planen\",\"publisher\":{\"@id\":\"https:\\\/\\\/wissensbasiert.de\\\/#organization\"},\"potentialAction\":[{\"@type\":\"SearchAction\",\"target\":{\"@type\":\"EntryPoint\",\"urlTemplate\":\"https:\\\/\\\/wissensbasiert.de\\\/?s={search_term_string}\"},\"query-input\":{\"@type\":\"PropertyValueSpecification\",\"valueRequired\":true,\"valueName\":\"search_term_string\"}}],\"inLanguage\":\"en-GB\"},{\"@type\":\"Organization\",\"@id\":\"https:\\\/\\\/wissensbasiert.de\\\/#organization\",\"name\":\"Dr. PAUL HEBES - Wissensbasierte Planung\",\"url\":\"https:\\\/\\\/wissensbasiert.de\\\/\",\"logo\":{\"@type\":\"ImageObject\",\"inLanguage\":\"en-GB\",\"@id\":\"https:\\\/\\\/wissensbasiert.de\\\/#\\\/schema\\\/logo\\\/image\\\/\",\"url\":\"https:\\\/\\\/wissensbasiert.de\\\/wp-content\\\/uploads\\\/2017\\\/10\\\/Wortmarke_Homepage.png\",\"contentUrl\":\"https:\\\/\\\/wissensbasiert.de\\\/wp-content\\\/uploads\\\/2017\\\/10\\\/Wortmarke_Homepage.png\",\"width\":786,\"height\":241,\"caption\":\"Dr. PAUL HEBES - Wissensbasierte Planung\"},\"image\":{\"@id\":\"https:\\\/\\\/wissensbasiert.de\\\/#\\\/schema\\\/logo\\\/image\\\/\"},\"sameAs\":[\"https:\\\/\\\/x.com\\\/wissensbasiert\"]}]}<\/script>\n<!-- \/ Yoast SEO plugin. -->","yoast_head_json":{"title":"Knowledge-based planning | Projects | Combined transport","description":"For the SGKV e. V. I have updated and revised the data report \"Facts and Figures\" on combined transport for the reporting year 2017.","robots":{"index":"index","follow":"follow","max-snippet":"max-snippet:-1","max-image-preview":"max-image-preview:large","max-video-preview":"max-video-preview:-1"},"canonical":"https:\/\/wissensbasiert.de\/en\/projekt\/combined-transport\/","og_locale":"en_GB","og_type":"article","og_title":"Wissensbasierte Planung | Projekte | Kombinierter Verkehr","og_description":"Projekte. F\u00fcr die SGKV e. V. habe ich den Datenbericht \"Facts and Figures\" \u00fcber den Kombinierten Verkehr f\u00fcr das Berichtsjahr 2017 aktualisiert und \u00fcberarbeitet.","og_url":"https:\/\/wissensbasiert.de\/en\/projekt\/combined-transport\/","og_site_name":"Wissensbasierte Planung","article_modified_time":"2019-06-25T08:12:21+00:00","og_image":[{"width":640,"height":397,"url":"https:\/\/wissensbasiert.de\/wp-content\/uploads\/2018\/01\/Kombinierter-Verkehr.jpg","type":"image\/jpeg"}],"twitter_card":"summary_large_image","twitter_site":"@wissensbasiert","twitter_misc":{"Estimated reading time":"5 minutes"},"schema":{"@context":"https:\/\/schema.org","@graph":[{"@type":"WebPage","@id":"https:\/\/wissensbasiert.de\/en\/projekt\/combined-transport\/","url":"https:\/\/wissensbasiert.de\/en\/projekt\/combined-transport\/","name":"Knowledge-based planning | Projects | Combined transport","isPartOf":{"@id":"https:\/\/wissensbasiert.de\/#website"},"primaryImageOfPage":{"@id":"https:\/\/wissensbasiert.de\/en\/projekt\/combined-transport\/#primaryimage"},"image":{"@id":"https:\/\/wissensbasiert.de\/en\/projekt\/combined-transport\/#primaryimage"},"thumbnailUrl":"https:\/\/wissensbasiert.de\/wp-content\/uploads\/2018\/01\/Kombinierter-Verkehr.jpg","datePublished":"2018-01-05T10:25:27+00:00","dateModified":"2019-06-25T08:12:21+00:00","description":"For the SGKV e. V. I have updated and revised the data report \"Facts and Figures\" on combined transport for the reporting year 2017.","breadcrumb":{"@id":"https:\/\/wissensbasiert.de\/en\/projekt\/combined-transport\/#breadcrumb"},"inLanguage":"en-GB","potentialAction":[{"@type":"ReadAction","target":["https:\/\/wissensbasiert.de\/en\/projekt\/combined-transport\/"]}]},{"@type":"ImageObject","inLanguage":"en-GB","@id":"https:\/\/wissensbasiert.de\/en\/projekt\/combined-transport\/#primaryimage","url":"https:\/\/wissensbasiert.de\/wp-content\/uploads\/2018\/01\/Kombinierter-Verkehr.jpg","contentUrl":"https:\/\/wissensbasiert.de\/wp-content\/uploads\/2018\/01\/Kombinierter-Verkehr.jpg","width":640,"height":397,"caption":"Container f\u00fcr den kombinierten Verkehr"},{"@type":"BreadcrumbList","@id":"https:\/\/wissensbasiert.de\/en\/projekt\/combined-transport\/#breadcrumb","itemListElement":[{"@type":"ListItem","position":1,"name":"Startseite","item":"https:\/\/wissensbasiert.de\/"},{"@type":"ListItem","position":2,"name":"Portfolio","item":"https:\/\/wissensbasiert.de\/en\/projekt\/"},{"@type":"ListItem","position":3,"name":"Kombinierter Verkehr"}]},{"@type":"WebSite","@id":"https:\/\/wissensbasiert.de\/#website","url":"https:\/\/wissensbasiert.de\/","name":"Knowledge-based planning","description":"Planning with knowledge","publisher":{"@id":"https:\/\/wissensbasiert.de\/#organization"},"potentialAction":[{"@type":"SearchAction","target":{"@type":"EntryPoint","urlTemplate":"https:\/\/wissensbasiert.de\/?s={search_term_string}"},"query-input":{"@type":"PropertyValueSpecification","valueRequired":true,"valueName":"search_term_string"}}],"inLanguage":"en-GB"},{"@type":"Organization","@id":"https:\/\/wissensbasiert.de\/#organization","name":"Dr. PAUL HEBES - Knowledge-based planning","url":"https:\/\/wissensbasiert.de\/","logo":{"@type":"ImageObject","inLanguage":"en-GB","@id":"https:\/\/wissensbasiert.de\/#\/schema\/logo\/image\/","url":"https:\/\/wissensbasiert.de\/wp-content\/uploads\/2017\/10\/Wortmarke_Homepage.png","contentUrl":"https:\/\/wissensbasiert.de\/wp-content\/uploads\/2017\/10\/Wortmarke_Homepage.png","width":786,"height":241,"caption":"Dr. PAUL HEBES - Wissensbasierte Planung"},"image":{"@id":"https:\/\/wissensbasiert.de\/#\/schema\/logo\/image\/"},"sameAs":["https:\/\/x.com\/wissensbasiert"]}]}},"_links":{"self":[{"href":"https:\/\/wissensbasiert.de\/en\/wp-json\/wp\/v2\/avada_portfolio\/702","targetHints":{"allow":["GET"]}}],"collection":[{"href":"https:\/\/wissensbasiert.de\/en\/wp-json\/wp\/v2\/avada_portfolio"}],"about":[{"href":"https:\/\/wissensbasiert.de\/en\/wp-json\/wp\/v2\/types\/avada_portfolio"}],"author":[{"embeddable":true,"href":"https:\/\/wissensbasiert.de\/en\/wp-json\/wp\/v2\/users\/1"}],"replies":[{"embeddable":true,"href":"https:\/\/wissensbasiert.de\/en\/wp-json\/wp\/v2\/comments?post=702"}],"version-history":[{"count":2,"href":"https:\/\/wissensbasiert.de\/en\/wp-json\/wp\/v2\/avada_portfolio\/702\/revisions"}],"predecessor-version":[{"id":1130,"href":"https:\/\/wissensbasiert.de\/en\/wp-json\/wp\/v2\/avada_portfolio\/702\/revisions\/1130"}],"wp:featuredmedia":[{"embeddable":true,"href":"https:\/\/wissensbasiert.de\/en\/wp-json\/wp\/v2\/media\/704"}],"wp:attachment":[{"href":"https:\/\/wissensbasiert.de\/en\/wp-json\/wp\/v2\/media?parent=702"}],"wp:term":[{"taxonomy":"portfolio_category","embeddable":true,"href":"https:\/\/wissensbasiert.de\/en\/wp-json\/wp\/v2\/portfolio_category?post=702"},{"taxonomy":"portfolio_skills","embeddable":true,"href":"https:\/\/wissensbasiert.de\/en\/wp-json\/wp\/v2\/portfolio_skills?post=702"},{"taxonomy":"portfolio_tags","embeddable":true,"href":"https:\/\/wissensbasiert.de\/en\/wp-json\/wp\/v2\/portfolio_tags?post=702"}],"curies":[{"name":"wp","href":"https:\/\/api.w.org\/{rel}","templated":true}]}}