{"id":902,"date":"2018-05-08T21:20:09","date_gmt":"2018-05-08T20:20:09","guid":{"rendered":"http:\/\/wissensbasiert.de\/?post_type=avada_portfolio&#038;p=902"},"modified":"2019-06-25T09:11:37","modified_gmt":"2019-06-25T08:11:37","slug":"ladeinfrastruktur-berlin","status":"publish","type":"avada_portfolio","link":"https:\/\/wissensbasiert.de\/en\/projekt\/ladeinfrastruktur-berlin\/","title":{"rendered":"Charging infrastructure Berlin"},"content":{"rendered":"<div class=\"fusion-fullwidth fullwidth-box fusion-builder-row-1 nonhundred-percent-fullwidth non-hundred-percent-height-scrolling\" style=\"--awb-border-radius-top-left:0px;--awb-border-radius-top-right:0px;--awb-border-radius-bottom-right:0px;--awb-border-radius-bottom-left:0px;--awb-flex-wrap:wrap;\" ><div class=\"fusion-builder-row fusion-row\"><div class=\"fusion-layout-column fusion_builder_column fusion-builder-column-0 fusion_builder_column_3_5 3_5 fusion-three-fifth fusion-column-first\" style=\"--awb-bg-size:cover;width:60%;width:calc(60% - ( ( 4% ) * 0.6 ) );margin-right: 4%;\"><div class=\"fusion-column-wrapper fusion-flex-column-wrapper-legacy\"><div class=\"fusion-title title fusion-title-1 fusion-sep-none fusion-title-text fusion-title-size-three\" style=\"--awb-margin-bottom:15px;--awb-margin-top-small:0px;--awb-margin-right-small:0px;--awb-margin-bottom-small:20px;--awb-margin-left-small:0px;--awb-sep-color:#000000;\"><h3 class=\"fusion-title-heading title-heading-left fusion-responsive-typography-calculated\" style=\"margin:0;--fontSize:18;--minFontSize:18;line-height:1.5;\">Project description<\/h3><\/div><div class=\"fusion-text fusion-text-1\"><p>we are still a long way off the originally announced 1 million electric vehicles in germany in 2020. nevertheless, registration numbers are rising, especially in the big cities. people seem to be increasingly willing to seriously consider buying electric cars. this is also one reason why the OECD is forecasting rapid growth in purely electric and plug-in hybrid cars over the next 20 years.<\/p>\n<p>To make the purchase and use of electric vehicles attractive, charging infrastructure - charging points for <span class=\"fusion-tooltip tooltip-shortcode\" data-animation=\"\" data-delay=\"0\" data-placement=\"top\" data-title=\"Battery Electric Vehicle, rein elektrisches Fahrzeug\" title=\"Battery Electric Vehicle, purely electric vehicle\" data-toggle=\"tooltip\" data-trigger=\"hover\">BEV<\/span> and <span class=\"fusion-tooltip tooltip-shortcode\" data-animation=\"\" data-delay=\"0\" data-placement=\"top\" data-title=\"Plug-in Hybrid Electric Vehicle, Fahrzeug mit elektrischem- und Verbrennungsmotor\" title=\"Plug-in Hybrid Electric Vehicle, vehicle with electric and combustion engine\" data-toggle=\"tooltip\" data-trigger=\"hover\">PHEV<\/span> - In 2018, Berlin will offer over 500 charging locations for cars, electric scooters and bicycles.<\/p>\n<p>within the scope of the project, i analyse data provided by the client of the charging infrastructure operators and energy providers with regard to the intensity of use of individual charging sites. the focus is on investigations of how often, at what times, for how long and what amounts of electricity (kWh) were tanked\/charged. in doing so, i compare the use before and after a tariff change in July 2017. for the analysis, i use dynamic pivot tables with time axes and data sections, generate infographics and create meaningful maps with QGIS.<\/p>\n<h6><\/h6>\n<\/div><div class=\"fusion-title title fusion-title-2 fusion-sep-none fusion-title-text fusion-title-size-three\" style=\"--awb-margin-bottom:15px;--awb-margin-top-small:0px;--awb-margin-right-small:0px;--awb-margin-bottom-small:20px;--awb-margin-left-small:0px;--awb-sep-color:#000000;\"><h3 class=\"fusion-title-heading title-heading-left fusion-responsive-typography-calculated\" style=\"margin:0;--fontSize:18;--minFontSize:18;line-height:1.5;\">Further information<\/h3><\/div><div class=\"fusion-text fusion-text-2\"><p><div class=\"fusion-fa-align-left\"><i class=\"fb-icon-element-1 fb-icon-element fontawesome-icon fa fa-home circle-no\" style=\"--awb-iconcolor:#03a9f4;--awb-iconcolor-hover:#03a9f4;--awb-font-size:15px;--awb-margin-right:7.5px;\"><\/i><\/div> <a href=\"https:\/\/www.berlin.de\/senuvk\/verkehr\/planung\/e_mobilitaet\/de\/infrastruktur.shtml\" target=\"_blank\" rel=\"noopener noreferrer\">SenUVK &#8211; Charging infrastructure: Electric mobility<\/a><\/p>\n<p><div class=\"fusion-fa-align-left\"><i class=\"fb-icon-element-2 fb-icon-element fontawesome-icon fa fa-download circle-no\" style=\"--awb-iconcolor:#03a9f4;--awb-iconcolor-hover:#03a9f4;--awb-font-size:15px;--awb-margin-right:7.5px;\"><\/i><\/div> in-house expertise<\/p>\n<\/div><div class=\"fusion-modal modal fade modal-1 Kontakt\" tabindex=\"-1\" role=\"dialog\" aria-labelledby=\"modal-heading-1\" aria-hidden=\"true\" style=\"--awb-border-color:#03a9f4;--awb-background:#ffffff;\"><div class=\"modal-dialog modal-sm\" role=\"document\"><div class=\"modal-content fusion-modal-content\"><div class=\"modal-header\"><button class=\"close\" type=\"button\" data-dismiss=\"modal\" aria-hidden=\"true\" aria-label=\"Schlie\u00dfen\">\u00d7<\/button><h3 class=\"modal-title\" id=\"modal-heading-1\" data-dismiss=\"modal\" aria-hidden=\"true\">Dr Paul Hebes<\/h3><\/div><div class=\"modal-body fusion-clearfix\">\n<p style=\"text-align: center;\"><div class=\"fusion-fa-align-center\"><i class=\"fb-icon-element-3 fb-icon-element fontawesome-icon fa fa-phone circle-no\" style=\"--awb-iconcolor:#03a9f4;--awb-iconcolor-hover:#03a9f4;--awb-font-size:20px;\"><\/i><\/div>\n<p style=\"text-align: center;\">+49 (0)30 91902603<\/p>\n<p style=\"text-align: center;\"><div class=\"fusion-fa-align-center\"><i class=\"fb-icon-element-4 fb-icon-element fontawesome-icon fa fa-mobile circle-no\" style=\"--awb-iconcolor:#03a9f4;--awb-iconcolor-hover:#03a9f4;--awb-font-size:20px;\"><\/i><\/div>\n<p style=\"text-align: center;\">+49 (0)1522 9742947<\/p>\n<p style=\"text-align: center;\"><div class=\"fusion-fa-align-center\"><i class=\"fb-icon-element-5 fb-icon-element fontawesome-icon fa fa-envelope-o circle-no\" style=\"--awb-iconcolor:#03a9f4;--awb-iconcolor-hover:#03a9f4;--awb-circlecolor:#727272;--awb-font-size:20px;\"><\/i><\/div>\n<p style=\"text-align: center;\"><a href=\"mailto: paul.hebes@wissensbasiert.de\">paul.hebes@knowledge-based.info<\/a><\/p>\n<\/div><\/div><\/div><\/div><div class=\"fusion-clearfix\"><\/div><\/div><\/div><div class=\"fusion-layout-column fusion_builder_column fusion-builder-column-1 fusion_builder_column_2_5 2_5 fusion-two-fifth fusion-column-last\" style=\"--awb-bg-size:cover;--awb-margin-bottom:5px;width:40%;width:calc(40% - ( ( 4% ) * 0.4 ) );\"><div class=\"fusion-column-wrapper fusion-flex-column-wrapper-legacy\"><div class=\"fusion-text fusion-text-3\"><p style=\"text-align: center;\">Period<\/p>\n<\/div><div class=\"fusion-sep-clear\"><\/div><div class=\"fusion-separator fusion-has-icon\" style=\"margin-left: auto;margin-right: auto;margin-top:5px;margin-bottom:30px;width:100%;max-width:70%;\"><div class=\"fusion-separator-border sep-single sep-solid\" style=\"--awb-height:20px;--awb-amount:20px;--awb-sep-color:#000000;border-color:#000000;border-top-width:1px;\"><\/div><span class=\"icon-wrapper\" style=\"border-color:transparent;font-size:15px;width: 1.75em; height: 1.75em;border-width:1px;padding:1px;margin-top:-0.5px\"><i class=\"fa fa-calendar-check-o\" style=\"font-size: inherit;color:#000000;\" aria-hidden=\"true\"><\/i><\/span><div class=\"fusion-separator-border sep-single sep-solid\" style=\"--awb-height:20px;--awb-amount:20px;--awb-sep-color:#000000;border-color:#000000;border-top-width:1px;\"><\/div><\/div><div class=\"fusion-sep-clear\"><\/div><div class=\"fusion-text fusion-text-4\"><p style=\"text-align: center;\">May 2018<\/p>\n<\/div><div class=\"fusion-sep-clear\"><\/div><div class=\"fusion-separator\" style=\"margin-left: auto;margin-right: auto;margin-top:5px;margin-bottom:30px;width:100%;max-width:70%;\"><\/div><div class=\"fusion-sep-clear\"><\/div><div class=\"fusion-text fusion-text-5\"><p style=\"text-align: center;\">Client<\/p>\n<\/div><div class=\"fusion-sep-clear\"><\/div><div class=\"fusion-separator fusion-has-icon\" style=\"margin-left: auto;margin-right: auto;margin-top:5px;margin-bottom:30px;width:100%;max-width:70%;\"><div class=\"fusion-separator-border sep-single sep-solid\" style=\"--awb-height:20px;--awb-amount:20px;--awb-sep-color:#000000;border-color:#000000;border-top-width:1px;\"><\/div><span class=\"icon-wrapper\" style=\"border-color:transparent;font-size:15px;width: 1.75em; height: 1.75em;border-width:1px;padding:1px;margin-top:-0.5px\"><i class=\"fa fa-thumbs-o-up\" style=\"font-size: inherit;color:#000000;\" aria-hidden=\"true\"><\/i><\/span><div class=\"fusion-separator-border sep-single sep-solid\" style=\"--awb-height:20px;--awb-amount:20px;--awb-sep-color:#000000;border-color:#000000;border-top-width:1px;\"><\/div><\/div><div class=\"fusion-sep-clear\"><\/div><div class=\"fusion-text fusion-text-6\"><p style=\"text-align: center;\"><a href=\"http:\/\/www.berlin.de\/sen\/uvk\/\"><img decoding=\"async\" class=\"lazyload alignnone wp-image-863\" src=\"http:\/\/wissensbasiert.de\/wp-content\/uploads\/2018\/03\/SenUVK_flach_rgb.jpg\" data-orig-src=\"http:\/\/wissensbasiert.de\/wp-content\/uploads\/2018\/03\/SenUVK_flach_rgb.jpg\" alt=\"Logo of the SenUVK\" width=\"325\" height=\"50\" srcset=\"data:image\/svg+xml,%3Csvg%20xmlns%3D%27http%3A%2F%2Fwww.w3.org%2F2000%2Fsvg%27%20width%3D%27325%27%20height%3D%2750%27%20viewBox%3D%270%200%20325%2050%27%3E%3Crect%20width%3D%27325%27%20height%3D%2750%27%20fill-opacity%3D%220%22%2F%3E%3C%2Fsvg%3E\" data-srcset=\"https:\/\/wissensbasiert.de\/wp-content\/uploads\/2018\/03\/SenUVK_flach_rgb-200x31.jpg 200w, https:\/\/wissensbasiert.de\/wp-content\/uploads\/2018\/03\/SenUVK_flach_rgb-300x46.jpg 300w, https:\/\/wissensbasiert.de\/wp-content\/uploads\/2018\/03\/SenUVK_flach_rgb-400x61.jpg 400w, https:\/\/wissensbasiert.de\/wp-content\/uploads\/2018\/03\/SenUVK_flach_rgb-600x92.jpg 600w, https:\/\/wissensbasiert.de\/wp-content\/uploads\/2018\/03\/SenUVK_flach_rgb-768x118.jpg 768w, https:\/\/wissensbasiert.de\/wp-content\/uploads\/2018\/03\/SenUVK_flach_rgb-800x123.jpg 800w, https:\/\/wissensbasiert.de\/wp-content\/uploads\/2018\/03\/SenUVK_flach_rgb-1024x157.jpg 1024w, https:\/\/wissensbasiert.de\/wp-content\/uploads\/2018\/03\/SenUVK_flach_rgb-1200x184.jpg 1200w, https:\/\/wissensbasiert.de\/wp-content\/uploads\/2018\/03\/SenUVK_flach_rgb.jpg 3148w\" data-sizes=\"auto\" data-orig-sizes=\"(max-width: 325px) 100vw, 325px\" \/><\/a><\/p>\n<p style=\"text-align: center;\">Berlin Senate Department for Environment, Transport and Climate Protection<\/p>\n<\/div><div class=\"fusion-sep-clear\"><\/div><div class=\"fusion-separator\" style=\"margin-left: auto;margin-right: auto;margin-top:5px;margin-bottom:30px;width:100%;max-width:70%;\"><\/div><div class=\"fusion-sep-clear\"><\/div><div class=\"fusion-text fusion-text-7\"><p style=\"text-align: center;\">Project partners<\/p>\n<\/div><div class=\"fusion-sep-clear\"><\/div><div class=\"fusion-separator fusion-has-icon\" style=\"margin-left: auto;margin-right: auto;margin-top:5px;margin-bottom:30px;width:100%;max-width:70%;\"><div class=\"fusion-separator-border sep-single sep-solid\" style=\"--awb-height:20px;--awb-amount:20px;--awb-sep-color:#000000;border-color:#000000;border-top-width:1px;\"><\/div><span class=\"icon-wrapper\" style=\"border-color:transparent;font-size:15px;width: 1.75em; height: 1.75em;border-width:1px;padding:1px;margin-top:-0.5px\"><i class=\"fa fa-users\" style=\"font-size: inherit;color:#000000;\" aria-hidden=\"true\"><\/i><\/span><div class=\"fusion-separator-border sep-single sep-solid\" style=\"--awb-height:20px;--awb-amount:20px;--awb-sep-color:#000000;border-color:#000000;border-top-width:1px;\"><\/div><\/div><div class=\"fusion-sep-clear\"><\/div><div class=\"fusion-text fusion-text-8\"><p style=\"text-align: center;\">none<\/p>\n<\/div><div class=\"fusion-sep-clear\"><\/div><div class=\"fusion-separator\" style=\"margin-left: auto;margin-right: auto;margin-top:5px;margin-bottom:30px;width:100%;max-width:70%;\"><\/div><div class=\"fusion-sep-clear\"><\/div><div class=\"fusion-text fusion-text-9\"><p style=\"text-align: center;\">Keywords<\/p>\n<\/div><div class=\"fusion-sep-clear\"><\/div><div class=\"fusion-separator fusion-has-icon\" style=\"margin-left: auto;margin-right: auto;margin-top:5px;margin-bottom:30px;width:100%;max-width:70%;\"><div class=\"fusion-separator-border sep-single sep-solid\" style=\"--awb-height:20px;--awb-amount:20px;--awb-sep-color:#000000;border-color:#000000;border-top-width:1px;\"><\/div><span class=\"icon-wrapper\" style=\"border-color:transparent;font-size:15px;width: 1.75em; height: 1.75em;border-width:1px;padding:1px;margin-top:-0.5px\"><i class=\"fa fa-list\" style=\"font-size: inherit;color:#000000;\" aria-hidden=\"true\"><\/i><\/span><div class=\"fusion-separator-border sep-single sep-solid\" style=\"--awb-height:20px;--awb-amount:20px;--awb-sep-color:#000000;border-color:#000000;border-top-width:1px;\"><\/div><\/div><div class=\"fusion-sep-clear\"><\/div><div class=\"fusion-text fusion-text-10\"><p style=\"text-align: center;\">Electric mobility<\/p>\n<p style=\"text-align: center;\">Charging infrastructure<\/p>\n<p style=\"text-align: center;\">Berlin<\/p>\n<p style=\"text-align: center;\">Data analysis<\/p>\n<\/div><div class=\"fusion-clearfix\"><\/div><\/div><\/div><\/div><\/div>","protected":false},"excerpt":{"rendered":"","protected":false},"author":1,"featured_media":900,"menu_order":0,"comment_status":"open","ping_status":"closed","template":"","format":"standard","meta":{"footnotes":""},"portfolio_category":[19],"portfolio_skills":[],"portfolio_tags":[56,14,20,42,55,54,57],"class_list":["post-902","avada_portfolio","type-avada_portfolio","status-publish","format-standard","has-post-thumbnail","hentry","portfolio_category-mobilitaet-verkehr","portfolio_tags-berlin","portfolio_tags-daten","portfolio_tags-datenanalyse","portfolio_tags-elektromobilitaet","portfolio_tags-gis","portfolio_tags-ladeinfrastruktur","portfolio_tags-raeumliche-analyse"],"yoast_head":"<!-- This site is optimized with the Yoast SEO plugin v27.5 - https:\/\/yoast.com\/product\/yoast-seo-wordpress\/ -->\n<title>Wissensbasierte Planung | Projekte | Ladeinfrastruktur Berlin<\/title>\n<meta name=\"description\" content=\"Projekte. Die Analyse zur Nutzung der Ladeinfrastruktur f\u00fcr Elektromobilit\u00e4t unterst\u00fctzt die Planung neuer und ggf. die Modifikation bestehender Angebote.\" \/>\n<meta name=\"robots\" content=\"index, follow, max-snippet:-1, max-image-preview:large, max-video-preview:-1\" \/>\n<link rel=\"canonical\" href=\"https:\/\/wissensbasiert.de\/en\/projekt\/ladeinfrastruktur-berlin\/\" \/>\n<meta property=\"og:locale\" content=\"en_GB\" \/>\n<meta property=\"og:type\" content=\"article\" \/>\n<meta property=\"og:title\" content=\"Wissensbasierte Planung | Projekte | Ladeinfrastruktur Berlin\" \/>\n<meta property=\"og:description\" content=\"Projekte. Die Analyse zur Nutzung der Ladeinfrastruktur f\u00fcr Elektromobilit\u00e4t unterst\u00fctzt die Planung neuer und ggf. die Modifikation bestehender Angebote.\" \/>\n<meta property=\"og:url\" content=\"https:\/\/wissensbasiert.de\/en\/projekt\/ladeinfrastruktur-berlin\/\" \/>\n<meta property=\"og:site_name\" content=\"Wissensbasierte Planung\" \/>\n<meta property=\"article:modified_time\" content=\"2019-06-25T08:11:37+00:00\" \/>\n<meta property=\"og:image\" content=\"https:\/\/wissensbasiert.de\/wp-content\/uploads\/2018\/05\/Ladeinfrastruktur_EUREF_s.jpg\" \/>\n\t<meta property=\"og:image:width\" content=\"640\" \/>\n\t<meta property=\"og:image:height\" content=\"359\" \/>\n\t<meta property=\"og:image:type\" content=\"image\/jpeg\" \/>\n<meta name=\"twitter:card\" content=\"summary_large_image\" \/>\n<meta name=\"twitter:site\" content=\"@wissensbasiert\" \/>\n<meta name=\"twitter:label1\" content=\"Estimated reading time\" \/>\n\t<meta name=\"twitter:data1\" content=\"6 minutes\" \/>\n<script type=\"application\/ld+json\" class=\"yoast-schema-graph\">{\"@context\":\"https:\\\/\\\/schema.org\",\"@graph\":[{\"@type\":\"WebPage\",\"@id\":\"https:\\\/\\\/wissensbasiert.de\\\/en\\\/projekt\\\/ladeinfrastruktur-berlin\\\/\",\"url\":\"https:\\\/\\\/wissensbasiert.de\\\/en\\\/projekt\\\/ladeinfrastruktur-berlin\\\/\",\"name\":\"Wissensbasierte Planung | Projekte | Ladeinfrastruktur Berlin\",\"isPartOf\":{\"@id\":\"https:\\\/\\\/wissensbasiert.de\\\/#website\"},\"primaryImageOfPage\":{\"@id\":\"https:\\\/\\\/wissensbasiert.de\\\/en\\\/projekt\\\/ladeinfrastruktur-berlin\\\/#primaryimage\"},\"image\":{\"@id\":\"https:\\\/\\\/wissensbasiert.de\\\/en\\\/projekt\\\/ladeinfrastruktur-berlin\\\/#primaryimage\"},\"thumbnailUrl\":\"https:\\\/\\\/wissensbasiert.de\\\/wp-content\\\/uploads\\\/2018\\\/05\\\/Ladeinfrastruktur_EUREF_s.jpg\",\"datePublished\":\"2018-05-08T20:20:09+00:00\",\"dateModified\":\"2019-06-25T08:11:37+00:00\",\"description\":\"Projekte. Die Analyse zur Nutzung der Ladeinfrastruktur f\u00fcr Elektromobilit\u00e4t unterst\u00fctzt die Planung neuer und ggf. die Modifikation bestehender Angebote.\",\"breadcrumb\":{\"@id\":\"https:\\\/\\\/wissensbasiert.de\\\/en\\\/projekt\\\/ladeinfrastruktur-berlin\\\/#breadcrumb\"},\"inLanguage\":\"en-GB\",\"potentialAction\":[{\"@type\":\"ReadAction\",\"target\":[\"https:\\\/\\\/wissensbasiert.de\\\/en\\\/projekt\\\/ladeinfrastruktur-berlin\\\/\"]}]},{\"@type\":\"ImageObject\",\"inLanguage\":\"en-GB\",\"@id\":\"https:\\\/\\\/wissensbasiert.de\\\/en\\\/projekt\\\/ladeinfrastruktur-berlin\\\/#primaryimage\",\"url\":\"https:\\\/\\\/wissensbasiert.de\\\/wp-content\\\/uploads\\\/2018\\\/05\\\/Ladeinfrastruktur_EUREF_s.jpg\",\"contentUrl\":\"https:\\\/\\\/wissensbasiert.de\\\/wp-content\\\/uploads\\\/2018\\\/05\\\/Ladeinfrastruktur_EUREF_s.jpg\",\"width\":640,\"height\":359,\"caption\":\"Elektrolades\u00e4ule auf dem EUREF-Campus\"},{\"@type\":\"BreadcrumbList\",\"@id\":\"https:\\\/\\\/wissensbasiert.de\\\/en\\\/projekt\\\/ladeinfrastruktur-berlin\\\/#breadcrumb\",\"itemListElement\":[{\"@type\":\"ListItem\",\"position\":1,\"name\":\"Startseite\",\"item\":\"https:\\\/\\\/wissensbasiert.de\\\/\"},{\"@type\":\"ListItem\",\"position\":2,\"name\":\"Portfolio\",\"item\":\"https:\\\/\\\/wissensbasiert.de\\\/en\\\/projekt\\\/\"},{\"@type\":\"ListItem\",\"position\":3,\"name\":\"Ladeinfrastruktur Berlin\"}]},{\"@type\":\"WebSite\",\"@id\":\"https:\\\/\\\/wissensbasiert.de\\\/#website\",\"url\":\"https:\\\/\\\/wissensbasiert.de\\\/\",\"name\":\"Wissensbasierte Planung\",\"description\":\"Mit Wissen Planen\",\"publisher\":{\"@id\":\"https:\\\/\\\/wissensbasiert.de\\\/#organization\"},\"potentialAction\":[{\"@type\":\"SearchAction\",\"target\":{\"@type\":\"EntryPoint\",\"urlTemplate\":\"https:\\\/\\\/wissensbasiert.de\\\/?s={search_term_string}\"},\"query-input\":{\"@type\":\"PropertyValueSpecification\",\"valueRequired\":true,\"valueName\":\"search_term_string\"}}],\"inLanguage\":\"en-GB\"},{\"@type\":\"Organization\",\"@id\":\"https:\\\/\\\/wissensbasiert.de\\\/#organization\",\"name\":\"Dr. PAUL HEBES - Wissensbasierte Planung\",\"url\":\"https:\\\/\\\/wissensbasiert.de\\\/\",\"logo\":{\"@type\":\"ImageObject\",\"inLanguage\":\"en-GB\",\"@id\":\"https:\\\/\\\/wissensbasiert.de\\\/#\\\/schema\\\/logo\\\/image\\\/\",\"url\":\"https:\\\/\\\/wissensbasiert.de\\\/wp-content\\\/uploads\\\/2017\\\/10\\\/Wortmarke_Homepage.png\",\"contentUrl\":\"https:\\\/\\\/wissensbasiert.de\\\/wp-content\\\/uploads\\\/2017\\\/10\\\/Wortmarke_Homepage.png\",\"width\":786,\"height\":241,\"caption\":\"Dr. PAUL HEBES - Wissensbasierte Planung\"},\"image\":{\"@id\":\"https:\\\/\\\/wissensbasiert.de\\\/#\\\/schema\\\/logo\\\/image\\\/\"},\"sameAs\":[\"https:\\\/\\\/x.com\\\/wissensbasiert\"]}]}<\/script>\n<!-- \/ Yoast SEO plugin. -->","yoast_head_json":{"title":"Knowledge-Based Planning | Projects | Charging Infrastructure Berlin","description":"The analysis of the use of the charging infrastructure for electric mobility supports the planning of new and, if necessary, the modification of existing offers.","robots":{"index":"index","follow":"follow","max-snippet":"max-snippet:-1","max-image-preview":"max-image-preview:large","max-video-preview":"max-video-preview:-1"},"canonical":"https:\/\/wissensbasiert.de\/en\/projekt\/ladeinfrastruktur-berlin\/","og_locale":"en_GB","og_type":"article","og_title":"Wissensbasierte Planung | Projekte | Ladeinfrastruktur Berlin","og_description":"Projekte. Die Analyse zur Nutzung der Ladeinfrastruktur f\u00fcr Elektromobilit\u00e4t unterst\u00fctzt die Planung neuer und ggf. die Modifikation bestehender Angebote.","og_url":"https:\/\/wissensbasiert.de\/en\/projekt\/ladeinfrastruktur-berlin\/","og_site_name":"Wissensbasierte Planung","article_modified_time":"2019-06-25T08:11:37+00:00","og_image":[{"width":640,"height":359,"url":"https:\/\/wissensbasiert.de\/wp-content\/uploads\/2018\/05\/Ladeinfrastruktur_EUREF_s.jpg","type":"image\/jpeg"}],"twitter_card":"summary_large_image","twitter_site":"@wissensbasiert","twitter_misc":{"Estimated reading time":"6 minutes"},"schema":{"@context":"https:\/\/schema.org","@graph":[{"@type":"WebPage","@id":"https:\/\/wissensbasiert.de\/en\/projekt\/ladeinfrastruktur-berlin\/","url":"https:\/\/wissensbasiert.de\/en\/projekt\/ladeinfrastruktur-berlin\/","name":"Knowledge-Based Planning | Projects | Charging Infrastructure Berlin","isPartOf":{"@id":"https:\/\/wissensbasiert.de\/#website"},"primaryImageOfPage":{"@id":"https:\/\/wissensbasiert.de\/en\/projekt\/ladeinfrastruktur-berlin\/#primaryimage"},"image":{"@id":"https:\/\/wissensbasiert.de\/en\/projekt\/ladeinfrastruktur-berlin\/#primaryimage"},"thumbnailUrl":"https:\/\/wissensbasiert.de\/wp-content\/uploads\/2018\/05\/Ladeinfrastruktur_EUREF_s.jpg","datePublished":"2018-05-08T20:20:09+00:00","dateModified":"2019-06-25T08:11:37+00:00","description":"The analysis of the use of the charging infrastructure for electric mobility supports the planning of new and, if necessary, the modification of existing offers.","breadcrumb":{"@id":"https:\/\/wissensbasiert.de\/en\/projekt\/ladeinfrastruktur-berlin\/#breadcrumb"},"inLanguage":"en-GB","potentialAction":[{"@type":"ReadAction","target":["https:\/\/wissensbasiert.de\/en\/projekt\/ladeinfrastruktur-berlin\/"]}]},{"@type":"ImageObject","inLanguage":"en-GB","@id":"https:\/\/wissensbasiert.de\/en\/projekt\/ladeinfrastruktur-berlin\/#primaryimage","url":"https:\/\/wissensbasiert.de\/wp-content\/uploads\/2018\/05\/Ladeinfrastruktur_EUREF_s.jpg","contentUrl":"https:\/\/wissensbasiert.de\/wp-content\/uploads\/2018\/05\/Ladeinfrastruktur_EUREF_s.jpg","width":640,"height":359,"caption":"Elektrolades\u00e4ule auf dem EUREF-Campus"},{"@type":"BreadcrumbList","@id":"https:\/\/wissensbasiert.de\/en\/projekt\/ladeinfrastruktur-berlin\/#breadcrumb","itemListElement":[{"@type":"ListItem","position":1,"name":"Startseite","item":"https:\/\/wissensbasiert.de\/"},{"@type":"ListItem","position":2,"name":"Portfolio","item":"https:\/\/wissensbasiert.de\/en\/projekt\/"},{"@type":"ListItem","position":3,"name":"Ladeinfrastruktur Berlin"}]},{"@type":"WebSite","@id":"https:\/\/wissensbasiert.de\/#website","url":"https:\/\/wissensbasiert.de\/","name":"Knowledge-based planning","description":"Planning with knowledge","publisher":{"@id":"https:\/\/wissensbasiert.de\/#organization"},"potentialAction":[{"@type":"SearchAction","target":{"@type":"EntryPoint","urlTemplate":"https:\/\/wissensbasiert.de\/?s={search_term_string}"},"query-input":{"@type":"PropertyValueSpecification","valueRequired":true,"valueName":"search_term_string"}}],"inLanguage":"en-GB"},{"@type":"Organization","@id":"https:\/\/wissensbasiert.de\/#organization","name":"Dr. PAUL HEBES - Knowledge-based planning","url":"https:\/\/wissensbasiert.de\/","logo":{"@type":"ImageObject","inLanguage":"en-GB","@id":"https:\/\/wissensbasiert.de\/#\/schema\/logo\/image\/","url":"https:\/\/wissensbasiert.de\/wp-content\/uploads\/2017\/10\/Wortmarke_Homepage.png","contentUrl":"https:\/\/wissensbasiert.de\/wp-content\/uploads\/2017\/10\/Wortmarke_Homepage.png","width":786,"height":241,"caption":"Dr. PAUL HEBES - Wissensbasierte Planung"},"image":{"@id":"https:\/\/wissensbasiert.de\/#\/schema\/logo\/image\/"},"sameAs":["https:\/\/x.com\/wissensbasiert"]}]}},"_links":{"self":[{"href":"https:\/\/wissensbasiert.de\/en\/wp-json\/wp\/v2\/avada_portfolio\/902","targetHints":{"allow":["GET"]}}],"collection":[{"href":"https:\/\/wissensbasiert.de\/en\/wp-json\/wp\/v2\/avada_portfolio"}],"about":[{"href":"https:\/\/wissensbasiert.de\/en\/wp-json\/wp\/v2\/types\/avada_portfolio"}],"author":[{"embeddable":true,"href":"https:\/\/wissensbasiert.de\/en\/wp-json\/wp\/v2\/users\/1"}],"replies":[{"embeddable":true,"href":"https:\/\/wissensbasiert.de\/en\/wp-json\/wp\/v2\/comments?post=902"}],"version-history":[{"count":2,"href":"https:\/\/wissensbasiert.de\/en\/wp-json\/wp\/v2\/avada_portfolio\/902\/revisions"}],"predecessor-version":[{"id":1128,"href":"https:\/\/wissensbasiert.de\/en\/wp-json\/wp\/v2\/avada_portfolio\/902\/revisions\/1128"}],"wp:featuredmedia":[{"embeddable":true,"href":"https:\/\/wissensbasiert.de\/en\/wp-json\/wp\/v2\/media\/900"}],"wp:attachment":[{"href":"https:\/\/wissensbasiert.de\/en\/wp-json\/wp\/v2\/media?parent=902"}],"wp:term":[{"taxonomy":"portfolio_category","embeddable":true,"href":"https:\/\/wissensbasiert.de\/en\/wp-json\/wp\/v2\/portfolio_category?post=902"},{"taxonomy":"portfolio_skills","embeddable":true,"href":"https:\/\/wissensbasiert.de\/en\/wp-json\/wp\/v2\/portfolio_skills?post=902"},{"taxonomy":"portfolio_tags","embeddable":true,"href":"https:\/\/wissensbasiert.de\/en\/wp-json\/wp\/v2\/portfolio_tags?post=902"}],"curies":[{"name":"wp","href":"https:\/\/api.w.org\/{rel}","templated":true}]}}